{"id":126,"date":"2021-04-03T20:53:24","date_gmt":"2021-04-03T18:53:24","guid":{"rendered":"http:\/\/bartoszwilk.pl\/?page_id=126"},"modified":"2021-09-17T22:06:34","modified_gmt":"2021-09-17T20:06:34","slug":"udzial-w-konferencjach-naukowych","status":"publish","type":"page","link":"http:\/\/bartoszwilk.pl\/index.php\/udzial-w-konferencjach-naukowych\/","title":{"rendered":"Aktywno\u015b\u0107 naukowa"},"content":{"rendered":"\n<h3 class=\"wp-block-heading\">Czynny udzia\u0142 w konferencjach naukowych<\/h3>\n\n\n\n<h4 class=\"wp-block-heading\">Mi\u0119dzynarodowe konferencje naukowe za granic\u0105<\/h4>\n\n\n\n<ol class=\"has-large-font-size wp-block-list\"><li>The 2019 EGPA Annual Conference Public Administration across Borders, Belfast, Northern Ireland, United Kingdom, 11-13 wrze\u015bnia 2019 r., wyst\u0105pienie: When to formalize co-production of public services? Considerations on the background of the Local Initiative in Poland (w ramach Permanent Study Group IV on Local Governance and Democracy).<\/li><li>PhD Summer School 2019 on Local Governance \u201cIs Local Always Better? In Search of Adequate Territorial Structures for Governance, Decision-Making, and Service Delivery\u201d, organizator: Zurich University of Applied Sciences &#8211; School of Management and Law, in cooperation with ECPR (European Consortium for Political Research), 6-12 lipca 2019 r., Zurich-Winterthur (Switzerland), wyst\u0105pienie: What are the centralisation factors for public services co-production? Reflections based on a local initiative and a community fund in Poland.<\/li><li>The 26th NISPAcee Annual Conference \u2018Public Administration for Well-being and Growth\u2019, Iasi (Rumunia), 24-26 maja 2018 r., wyst\u0105pienie: Local Initiative in Poland as a Form of Co &#8211; production of Public Services.<\/li><li>The 27th NISPAcee Annual Conference \u2018From Policy Design to Policy Practice\u2019, Praga (Czechy), 24-26 maja 2019 r., wyst\u0105pienie: The Role of Local Self-government in Implementing the Local Initiative as a Form of Public Services Co-production.<\/li><li>Between Facts and Fake: Building Resilience is Misinformation, 28-29 maja 2018 r., Sofia (Bu\u0142garia), wyst\u0105pienie: Access to information in countering disinformation.<\/li><\/ol>\n\n\n\n<h4 class=\"wp-block-heading\"><strong>Mi\u0119dzynarodowe konferencje naukowe w kraju<\/strong><\/h4>\n\n\n\n<ol type=\"1\" class=\"has-large-font-size wp-block-list\"><li>[8 wrze\u015bnia 2017 r.] <em>Ochrona teren\u00f3w by\u0142ych hitlerowskich oboz\u00f3w zag\u0142ady w Polsce i wybranych innych pa\u0144stwach<\/em>, VIII Mi\u0119dzynarodowa Konferencja Naukowa <em>Dziedzictwo Kulturowe &#8211; Ochrona, Pami\u0119\u0107, Wsp\u00f3\u0142praca Mi\u0119dzynarodowa<\/em>, Wydzia\u0142 Pedagogiczno-Artystyczny w Kaliszu Uniwersytetu im. Adama Mickiewicza Mickiewicz w Poznaniu, 7-8 wrze\u015bnia 2017 r.<\/li><li>[2 czerwca 2015 r.] wyst\u0105pienie: <em>Ochrona bezpiecze\u0144stwa pa\u0144stwa jako przes\u0142anka ograniczania dost\u0119pu do informacji publicznej<\/em> w ramach panelu <em>Ustr\u00f3j bezpiecze\u0144stwa wewn\u0119trznego <\/em>podczas Mi\u0119dzynarodowej Studenckiej Konferencji Naukowej <em>Prawnoadministracyjna regulacja bezpiecze\u0144stwa wewn\u0119trznego w Polsce i w Unii Europejskiej<\/em>, 1-2 czerwca 2015 r., Wydzia\u0142 Prawa i Administracji Uniwersytetu Szczeci\u0144skiego.<\/li><li>[25 pa\u017adziernika 2014 r.] wyst\u0105pienie: <em>Biuletyn Informacji Publicznej jako archiwum informacji publicznych<\/em> w ramach Mi\u0119dzynarodowej Studencko-Doktoranckiej Konferencji Naukowej <em>III Lubelska Jesie\u0144 Historyczna<\/em>, 24-26 pa\u017adziernika 2014 r., Instytut Historii Uniwersytetu Marii Curie-Sk\u0142odowskiej, Lublin.<\/li><li>[27 maja 2014 r.] wyst\u0105pienie: <em>Jawno\u015b\u0107 jako wyznacznik legitymizacji w\u0142adz publicznych<\/em> w ramach Mi\u0119dzynarodowej Konferencji Naukowej Wsp\u00f3\u0142czesne ruchy spo\u0142eczne spo\u0142ecze\u0144stwo obywatelskie, Wydzia\u0142 Humanistyczny Uniwersytetu Szczeci\u0144skiego.<\/li><\/ol>\n\n\n\n<h4 class=\"wp-block-heading\"><strong>Og\u00f3lnopolskie konferencje naukowe<\/strong><\/h4>\n\n\n\n<ol type=\"1\" class=\"has-large-font-size wp-block-list\"><li>[18 czerwca 2021 r.] <em>Prawna regulacja koprodukcji zada\u0144 publicznych na poziomie powiatu. Refleksje na bazie wynik\u00f3w bada\u0144 empirycznych funkcjonowania instytucji inicjatywy lokalnej<\/em>, wyst\u0105pienie podczas <a href=\"https:\/\/www.facebook.com\/events\/1177146959387920\" data-type=\"URL\" data-id=\"https:\/\/www.facebook.com\/events\/1177146959387920\">Og\u00f3lnopolskiej Konferencji Naukowej <em>Quo vadis powiat?<\/em>,<\/a> Uniwersytet Wroc\u0142awski, 18 czerwca 2021 r.<\/li><li>[12 czerwca 2021 r.] <em>Wykorzystywanie nowych technologii do koprodukowania us\u0142ug publicznych<\/em>, wyst\u0105pienie podczas Og\u00f3lnopolskiej Konferencji Naukowej <em><a href=\"https:\/\/drive.google.com\/file\/d\/1l5eKyud73LrNAxEO1cS5cXGrY9cuLJtV\/view\" data-type=\"URL\" data-id=\"https:\/\/drive.google.com\/file\/d\/1l5eKyud73LrNAxEO1cS5cXGrY9cuLJtV\/view\">Nowe Technologie w Administracji Publicznej<\/a><\/em>, zorganizowanej przez Pozna\u0144ski Kongres M\u0142odych Naukowc\u00f3w Uniwersytetu im. Adama Mickiewicza w Poznaniu, Pozna\u0144 11-12 czerwca 2021 r.<\/li><li>[14 maja 2021 r.] <em>Instytucja inicjatywy lokalnej jako przyk\u0142ad \u201espirali formalizmu\u201d. Rozwa\u017cania na tle zjawiska inflacji prawa administracyjnego<\/em>, wyst\u0105pienie podczas konferencji <em><a href=\"https:\/\/wpia.usz.edu.pl\/problemy-teorii-i-praktyki-tworzenia-prawa-w-polsce-ogolnopolska-konferencja-poswiecona-pamieci-doktora-macieja-klodawskiego\/\" data-type=\"URL\" data-id=\"https:\/\/wpia.usz.edu.pl\/problemy-teorii-i-praktyki-tworzenia-prawa-w-polsce-ogolnopolska-konferencja-poswiecona-pamieci-doktora-macieja-klodawskiego\/\">Problemy teorii i praktyki tworzenia prawa w Polsce. Konferencja po\u015bwi\u0119cona pami\u0119ci Doktora Macieja K\u0142odawskiego<\/a><\/em>, zorganizowanej przez Wydzia\u0142 Prawa i Administracji Uniwersytetu Szczeci\u0144skiego oraz Polskie Towarzystwo Legislacji, 14 maja 2021 r.<\/li><li>[13 maja 2021 r.] <em>Niespe\u0142nione obietnice centralnej regulacji instytucji inicjatywy lokalnej jako formy koprodukcji zada\u0144 publicznych<\/em>, wyst\u0105pienie podczas konferencji naukowej <em><a href=\"https:\/\/wgseigp.amu.edu.pl\/strona-glowna\/konferencje-i-zebrania\/konferencja-samorzad-w-systemie-politycznym-i-terytorialno-administracyjnym-polski-osiagniecia,-niepowodzenia-i-perspektywy-rozwoju\" data-type=\"URL\" data-id=\"https:\/\/wgseigp.amu.edu.pl\/strona-glowna\/konferencje-i-zebrania\/konferencja-samorzad-w-systemie-politycznym-i-terytorialno-administracyjnym-polski-osiagniecia,-niepowodzenia-i-perspektywy-rozwoju\">Samorz\u0105d w systemie politycznym i terytorialno-administracyjnym Polski \u2013 osi\u0105gni\u0119cia, niepowodzenia i perspektywy rozwoju<\/a><\/em>, zorganizowanej przez Wydzia\u0142 Nauk Politycznych i Dziennikarstwa UAM w Poznaniu oraz Wydzia\u0142 Geografii Spo\u0142eczno-Ekonomicznej i Gospodarki Przestrzennej UAM w Poznaniu, 13 maja 2021 r.<\/li><li>[12 maja 2021 r.] <em>Szanse i bariery e-partycypacji na przyk\u0142adzie instytucji inicjatywy lokalnej<\/em>, wyst\u0105pienie podczas mi\u0119dzynarodowej konferencji naukowej <a href=\"https:\/\/egov.project.uj.edu.pl\/konferencja-2021\" data-type=\"URL\" data-id=\"https:\/\/egov.project.uj.edu.pl\/konferencja-2021\"><em>E-administracja. Skuteczna, odpowiedzialna i otwarta administracja publiczna w Unii Europejskie<\/em>j (<em>eGovernment. Effective, Accountable and Open Public Administration in the European Union<\/em>)<\/a>, Katedra Prawa Europejskiego Wydzia\u0142u Prawa i Administracji UJ, Instytut Prawa i Ekonomii Uniwersytetu Pedagogicznego w Krakowie, 12-13 maja 2021 r.<\/li><li>[6 maja 2021 r.] <em>Koprodukcja zada\u0144 publicznych z zakresu ochrony dziedzictwa kulturowego \u2013 szanse, wyzwania i bariery<\/em>, wyst\u0105pienie podczas VII Konferencji Naukowej z cyklu <a rel=\"noreferrer noopener\" href=\"https:\/\/www.facebook.com\/events\/d41d8cd9\/konferencja-on-line-z-cyklu-prawne-formy-ochrony-zabytk%C3%B3w-i-opieki-nad-zabytkami\/2487993584841568\/\" data-type=\"URL\" data-id=\"https:\/\/www.facebook.com\/events\/d41d8cd9\/konferencja-on-line-z-cyklu-prawne-formy-ochrony-zabytk%C3%B3w-i-opieki-nad-zabytkami\/2487993584841568\/\" target=\"_blank\"><em>Prawne formy ochrony zabytk\u00f3w i opieki nad zabytkami<\/em> pt. <em>Metody oraz formy ochrony dziedzictwa kulturowego, zabytk\u00f3w i zieleni<\/em>, <\/a>zorganizowanej przez Ko\u0142o Naukowe Prawnej Ochrony D\u00f3br Kultury Towarzystwa Biblioteki S\u0142uchacz\u00f3w Prawa Uniwersytetu Jagiello\u0144skiego przy udziale Instytutu Prawa Ochrony Dziedzictwa, Krak\u00f3w 5-6 maja 2021 r.<\/li><li>[16 kwietnia 2021 r.] <em>Odpowiedzialno\u015b\u0107 dyscyplinarna za reprezentowanie klienta nadu\u017cywaj\u0105cego prawa \u2013 rozwa\u017cania na tle sprawy dyscyplinarnej wobec radcy prawnego o sygn. OSD\/Kr 38\/<\/em>17, wyst\u0105pienie podczas konferencji <em><a rel=\"noreferrer noopener\" href=\"https:\/\/www.facebook.com\/permalink.php?story_fbid=416706272647280&amp;id=359099885074586&amp;__cft__[0]=AZX0clal0LlWOZre_qte0uUpd9iEuvdixM6wOS61FPv7COkDV308WjytV8SzL0_wb2TJWZzd5yO4MRdHPHFMiY_JW-L-rALvx57AXsvrFLcHw474h4h_r730fIw7zFdPk26Yvzy2r1KkVoJTjKF0qt2w&amp;__tn__=%2CO%2CP-R\" data-type=\"URL\" data-id=\"https:\/\/www.facebook.com\/permalink.php?story_fbid=416706272647280&amp;id=359099885074586&amp;__cft__[0]=AZX0clal0LlWOZre_qte0uUpd9iEuvdixM6wOS61FPv7COkDV308WjytV8SzL0_wb2TJWZzd5yO4MRdHPHFMiY_JW-L-rALvx57AXsvrFLcHw474h4h_r730fIw7zFdPk26Yvzy2r1KkVoJTjKF0qt2w&amp;__tn__=%2CO%2CP-R\" target=\"_blank\">Zawody zaufania publicznego \u2013 tradycje i wyzwania wsp\u00f3\u0142czesno\u015bci<\/a><\/em>, zorganizowanej przez Wydzia\u0142 Prawa i Administracji Uniwersytetu Szczeci\u0144skiego i Okr\u0119gow\u0105 Izb\u0119 Radc\u00f3w Prawnych w Szczecinie, Szczecin 15-16 kwietnia 2021 r.<\/li><li>[12 grudnia 2019 r.] <em>Dost\u0119p do informacji o dzia\u0142alno\u015bci samorz\u0105d\u00f3w zawodowych w \u015bwietle orzecznictwa i praktyki<\/em>, Og\u00f3lnopolska Konferencja Naukowa Prawniczych Zawod\u00f3w Zaufania Publicznego pt. \u201eOdpowiedzialno\u015b\u0107 dyscyplinarna os\u00f3b wykonuj\u0105cych prawnicze zawody zaufania publicznego\u201d, zorganizowana przez Katedr\u0119 Prawa Administracyjnego Wydzia\u0142u Prawa i Administracji Uniwersytetu Miko\u0142aja Kopernika oraz Ko\u0142o Naukowe Marketingu Prawniczego, Toru\u0144.<\/li><li>[29 listopada 2019 r.] <em>Czy regulacja prawna inicjatywy lokalnej ogranicza ryzyko tzw. korupcji politycznej?<\/em>, Og\u00f3lnopolska Konferencja Naukowa pt. \u201eKorupcja w administracji publicznej. Aspekty prawne i spo\u0142eczne\u201d, 29 listopada 2019 r., Wydzia\u0142 Prawa i Administracji Uniwersytet Marii Curie Sk\u0142odowskiej w Lublinie.<\/li><li>[9 kwietnia 2019 r.] wyst\u0105pienie: <em><a href=\"https:\/\/wpia.usz.edu.pl\/wp-content\/uploads\/program_Konferencji_8_9_04_19-fiskus.pdf\" data-type=\"URL\" data-id=\"https:\/\/wpia.usz.edu.pl\/wp-content\/uploads\/program_Konferencji_8_9_04_19-fiskus.pdf\">Instytucja inicjatywy lokalnej w kontek\u015bcie innych mechanizm\u00f3w wykonywania zada\u0144 publicznych z udzia\u0142em mieszka\u0144c\u00f3w<\/a><\/em>, podczas V Og\u00f3lnopolskiej Konferencji Studenckich K\u00f3\u0142 Naukowych Finans\u00f3w i Prawa Finansowego pt. <em>Przemiany prawne i ekonomiczne w Polsce i ich wp\u0142yw na zarz\u0105dzanie finansami pa\u0144stwa i jednostek samorz\u0105du terytorialnego<\/em>, 8-9 kwietnia 2019 r., Wydzia\u0142 Prawa i Administracji Uniwersytetu Szczeci\u0144skiego.<\/li><li>[24 listopada 2018 r.] wyst\u0105pienie: <em><a href=\"http:\/\/www.uwm.edu.pl\/kbipp\/konferencja\/wp-content\/uploads\/2014\/05\/Program-konferencji-NGO-20181.pdf\" data-type=\"URL\" data-id=\"http:\/\/www.uwm.edu.pl\/kbipp\/konferencja\/wp-content\/uploads\/2014\/05\/Program-konferencji-NGO-20181.pdf\">Inicjatywa lokalna. Kontynuacja \u201eczynu spo\u0142ecznego\u201d, czy innowacyjne narz\u0119dzie partycypacji spo\u0142ecznej?<\/a><\/em>, podczas VI Og\u00f3lnopolskiej Konferencji Naukowej \u2013 Dzia\u0142alno\u015b\u0107 Organizacji Pozarz\u0105dowych <em>Organizacje pozarz\u0105dowe w stuleciu Polski niepodleg\u0142ej<\/em>, Wydzia\u0142 Prawa i Administracji Uniwersytetu Warmi\u0144sko-Mazurskiego, Olsztyn 23-24 listopada 2018 r.<\/li><li>[8 maja 2018 r.] wyst\u0105pienie: <em>Nowe zasady dost\u0119pu do informacji publicznej<\/em>, podczas konferencji <em>Jawno\u015b\u0107 \u017cycia publicznego. Wp\u0142yw ustawy o jawno\u015bci \u017cycia publicznego na przedsi\u0119biorc\u00f3w i administracj\u0119 publiczn\u0105<\/em>, Warszawa, 8 maja 2018 r.<\/li><li>[20 wrze\u015bnia 2017 r.] wyst\u0105pienie: <em>Ochrona Pomnik\u00f3w Zag\u0142ady w polskim systemie prawnym &#8211; wyniki bada\u0144<\/em>, IV Og\u00f3lnopolskie Seminarium Prawa Ochrony Zabytk\u00f3w dla m\u0142odych naukowc\u00f3w, doktorant\u00f3w i student\u00f3w im. Profesora Jana Pruszy\u0144skiego, Lubostro\u0144 18-20 wrze\u015bnia 2017 r.<\/li><li>[15 wrze\u015bnia 2017 r.] wyst\u0105pienie: <em>Udzia\u0142 organizacji spo\u0142ecznej w post\u0119powaniu o udost\u0119pnienie informacji publicznej<\/em>, konferencja naukowa &#8222;Wsp\u00f3\u0142czesna administracja w Polsce &#8211; jej kszta\u0142t i procedury&#8221;, zorganizowana przez Samorz\u0105dowe Kolegium Odwo\u0142awcze w Szczecinie oraz Wy\u017csz\u0105 Szko\u0142\u0119 Administracji Publicznej w Szczecinie, 14-15 wrze\u015bnia 2017 r.<\/li><li>[15 maja 2017 r.] wyst\u0105pienie: <em>Ponowne wykorzystywanie informacji sektora publicznego w dzia\u0142alno\u015bci muze\u00f3w<\/em>, podczas Og\u00f3lnopolskiej Konferencji Naukowej pt. <em>Muzea \u2013 teoria i praktyka. By\u0107 albo nie by\u0107 we wsp\u00f3\u0142czesnym \u015bwiecie<\/em>, zorganizowanej przez Instytut Administracji i Prawa Wy\u017cszej Szko\u0142y Humanitas oraz Stowarzyszenie Bada\u0144 nad \u0179r\u00f3d\u0142ami i Funkcjami Prawa \u201eFontes\u201d, Muzeum Miejskie Sztygarka w D\u0105browie G\u00f3rniczej, Muzeum Miasta Jaworzno, Pa\u0142ac Schoena Muzeum w Sosnowcu, Stowarzyszenie Naukowe Archeolog\u00f3w Polskich, Oddzia\u0142 G\u00f3rno\u015bl\u0105ski, Sosnowiec, 15 maja 2017 r.<\/li><li>[12 maja 2017 r.] wyst\u0105pienie: <em>Praktyka funkcjonowania ustawy o ochronie teren\u00f3w by\u0142ych hitlerowskich oboz\u00f3w zag\u0142ady<\/em>, podczas III Og\u00f3lnopolskiej Konferencji Naukowej z cyklu <em>Prawne formy ochrony zabytk\u00f3w i opieki nad zabytkami <\/em>pt. <em>Prawo ochrony d\u00f3br kultury jako narz\u0119dzie innowacyjno\u015bci turystycznej w strukturach lokalnych<\/em>, Krak\u00f3w, 12 maja 2017 r.,<\/li><li>[27 kwietnia 2017 r.] wyst\u0105pienie: <em>Czy r\u00f3\u017cne zabytki potrzebuj\u0105 r\u00f3\u017cnej ochrony? Rozwa\u017cania na tle ochrony prawnej Pomnik\u00f3w Zag\u0142ady<\/em>, podczas IV Og\u00f3lnopolskiej Konferencji Naukowej pt. \u201eOchrona d\u00f3br kultury. Historia ochrony\u201d, Wydzia\u0142 Prawa i Administracji Uniwersytetu Warmi\u0144sko-Mazurskiego w Olsztynie, 26-27 kwietnia 2017 r.<\/li><li>[2 grudnia 2016 r.]wyst\u0105pienie: <em>Prawnokarna ochrona Pomnik\u00f3w Zag\u0142ady<\/em>, Og\u00f3lnopolski Zjazd Przedstawicieli Katedr Kryminalistyki. Seminarium Santander Art and Culture Law Review, Uniwersytet Kazimierza Wielkiego w Bydgoszczy, Bydgoszcz 30 listopada-2 grudnia 2016 r.<\/li><li>[27 wrze\u015bnia 2016 r.] wyst\u0105pienie: <em>Pojmowanie dost\u0119pu do d\u00f3br kultury oraz korzystania z nich. Rozwa\u017cania na tle ochrony prawnej Pomnik\u00f3w Zag\u0142ady<\/em>, III og\u00f3lnopolskie seminarium prawa ochrony zabytk\u00f3w dla m\u0142odych naukowc\u00f3w, doktorant\u00f3w i student\u00f3w im. Profesora Jana Pruszy\u0144skiego, Lubostro\u0144 26-28 wrze\u015bnia 2016 r.<\/li><li>[16 maja 2016 r.] wyst\u0105pienie:<em> Ochrona Pomnik\u00f3w Zag\u0142ady w \u015bwietle decentralizacji ochrony dziedzictwa kulturoweg<\/em>o \u2013 referat wyg\u0142oszony podczas II Og\u00f3lnopolskiej Konferencji Naukowej \u201ePrawne formy ochrony zabytk\u00f3w i opieki nad zabytkami\u201d, zorganizowanej przez Sekcj\u0119 Ochrony D\u00f3br Kultury TBSP UJ, kt\u00f3ra odby\u0142a si\u0119 w dniu 16 maja 2016 r. w sali obrad Rady Miasta Krakowa.<\/li><li>[26 lutego 2016 r.] wyst\u0105pienie: <em>Istota funkcjonowania jednostek pomocniczych \u2013 pomi\u0119dzy teori\u0105 a praktyk\u0105 <\/em>podczas Seminarium Eksperckiego \u201eOrganizacja i funkcjonowanie jednostek pomocniczych gminy. Dotychczasowe do\u015bwiadczenia i propozycje zmian\u201d, kt\u00f3re odby\u0142o si\u0119 26 lutego 2016 r. w Gda\u0144sku, Instytut Metropolitarny.<\/li><li>[4 grudnia 2015 r.] wyst\u0105pienie: <em>Rola dost\u0119pno\u015bci orzecznictwa s\u0105dowego w edukacji prawnej<\/em> podczas Og\u00f3lnopolskiej Konferencji Naukowej \u201eBezp\u0142atna pomoc prawna\u201d, konferencja zorganizowana przez Studenckie Ko\u0142o Naukowe Ochrony Konkurencji i Konsument\u00f3w, Wydzia\u0142 Prawa i Administracji Uniwersytetu Miko\u0142aja Kopernika, Toru\u0144.<\/li><li>[9 listopada 2015 r.] wyst\u0105pienie: <em>Szczeg\u00f3lna ochrona architektoniczna Pomnik\u00f3w Zag\u0142ady <\/em>podczas Og\u00f3lnopolskiej Konferencji Naukowej \u201ePrawo i Architektura: Ochrona Dziedzictwa Architektonicznego\u201d, zorganizowanej przez Ko\u0142o Naukowe Prawa W\u0142asno\u015bci Intelektualnej Uniwersytetu \u015al\u0105skiego oraz Ko\u0142o Naukowe \u201eAntyrama\u201d Politechniki \u015al\u0105skiej, Centrum Informacji Naukowej i Biblioteka Akademicka w Katowicach.<\/li><li>[23 pa\u017adziernika 2015 r.] wyst\u0105pienie: <em>Udzia\u0142 organizacji pozarz\u0105dowych w post\u0119powaniu administracyjnym, post\u0119powaniu przygotowawczym i post\u0119powaniach s\u0105dowych<\/em>, podczas III Og\u00f3lnopolskiej Konferencji Naukowej \u2013 Dzia\u0142alno\u015b\u0107 organizacji pozarz\u0105dowych \u201eOrganizacje pozarz\u0105dowe a samorz\u0105d \u2013 25 lat do\u015bwiadcze\u0144\u201d, Wydzia\u0142 Prawa i Administracji Uniwersytetu Warmi\u0144sko Mazurskiego w Olsztynie.<\/li><li>[15 pa\u017adziernika 2015 r.] wyst\u0105pienie: <em>\u0179r\u00f3d\u0142o, cel i uzasadnienie szczeg\u00f3lnej ochrony prawnej Pomnik\u00f3w Zag\u0142ady<\/em> podczas Studencko-Doktoranckiej Konferencji Naukowej \u201eZarz\u0105dzanie dziedzictwem. Teoria a praktyka\u201d, Instytut Kultury, Wydzia\u0142 Zarz\u0105dzania i Komunikacji Spo\u0142ecznej Uniwersytetu Jagiello\u0144skiego, 15-17.10.2015 r., Krak\u00f3w.<\/li><li>[29 maja 2015 r.] wyst\u0105pienie: <em>Finansowanie rozwoju sportu przez jednostki samorz\u0105du terytorialnego poprzez udzielanie dotacji klubom sportowym \u2013 wybrane zagadnienia <\/em>podczas II Og\u00f3lnopolskiej Konferencji Naukowej <em>PERSPEKTYWA \u2013 wyzwania wsp\u00f3\u0142czesnej gospodarki<\/em>, Wydzia\u0142 Nauk Ekonomicznych i Zarz\u0105dzania Uniwersytetu Miko\u0142aja Kopernika w Toruniu.<\/li><li>[16 kwietnia 2015 r.] wyst\u0105pienie: <em>Sfera wewn\u0119trzna jako ograniczenie prawa do informacji publicznej. Analiza polskiego prawa i orzecznictwa na tle standardu mi\u0119dzynarodowego<\/em> podczas og\u00f3lnopolskiej konferencji naukowej <em>Dost\u0119p do informacji publicznej \u2013 prawo a praktyka<\/em>, Wydzia\u0142 Prawa, Administracji i Ekonomii Uniwersytetu Wroc\u0142awskiego.<\/li><li>[23 marca 2015 r.] <em>Dost\u0119p do informacji publicznej a statystyka publiczna <\/em>[sesja posterowa] w ramach og\u00f3lnopolskiej konferencji naukowej <em>Rola \u015brodowisk naukowych, samorz\u0105dowych i s\u0142u\u017cb statystyki publicznej we wzmacnianiu pozytywnego wizerunku statystyki<\/em>, Wydzia\u0142 Ekonomii i Zarz\u0105dzania US, 23-24 marca 2015 r., Szczecin.<\/li><li>[13 marca 2015 r.] wyst\u0105pienie: <em>Jawno\u015b\u0107 dzia\u0142ania partii politycznych. Pomi\u0119dzy teori\u0105 a praktyk\u0105 <\/em>podczas I Og\u00f3lnopolskiej Konferencji Naukowej Instytutu Politologii i Mi\u0119dzywydzia\u0142owego Ko\u0142a Naukowego \u201ePoliticus\u201d o Systemach Politycznych i Partyjnych. Polska, Europa, \u015awiat: <em>Mi\u0119dzy teori\u0105 a praktyk\u0105 funkcjonowania system\u00f3w politycznych i partyjnych<\/em>, Gda\u0144sk.<\/li><li>[14 stycznia 2015 r.] wyst\u0105pienie: <em>Od wolno\u015bci pozyskiwania i rozpowszechniania informacji do prawa do informacji publicznej. Ewolucja orzecznictwa ETPC w zakresie art. 10 EKPC<\/em> w ramach Og\u00f3lnopolskiej Konferencji Naukowej <em>Ewolucja standard\u00f3w orzecznictwa strasburskiego. 65-lecie Konwencji<\/em>, 14-15 stycznia 2015 r., Wydzia\u0142 Prawa i Administracji Uniwersytetu im. Adama Mickiewicza, Pozna\u0144.<\/li><li>[19 grudnia 2014 r.] wyst\u0105pienie: <em>Ochrona prawa do informacji publicznej \u2013 s\u0105dy administracyjne, czy powszechne?<\/em> w ramach Og\u00f3lnopolskiej Konferencji Naukowej <em>Obywatel dla pa\u0144stwa, czy pa\u0144stwo dla obywatela? \u2013 wsp\u00f3\u0142czesny model ochrony praw jednostki w administracji \u2013 model polski i europejski<\/em>, Wydzia\u0142 Prawa, Administracji i Ekonomii Uniwersytetu Wroc\u0142awskiego, 19 grudnia 2014 r., Wroc\u0142aw.<\/li><li>[29 listopada 2014 r.] wyst\u0105pienie: <em>Czy zakaza\u0107 uczestnikom zgromadze\u0144 zas\u0142aniania twarzy Analiza prezydenckich projekt\u00f3w zmiany Prawa o zgromadzeniach<\/em> w ramach IX Og\u00f3lnopolskiej Konferencji Naukowej <em>Talenty 2014<\/em>, 28-30 listopada 2014 r., Uniwersytet Wroc\u0142awski, Wroc\u0142aw.<\/li><li>[22 listopada 2014 r.] wyst\u0105pienie: <em>Sp\u00f3\u0142ka prawa handlowego jako podmiot zobowi\u0105zany do udost\u0119pniania informacji publicznej <\/em>w ramach Og\u00f3lnopolskiej Konferencji Naukowej<em> Prawo handlowe 25 lat po transformacji ustrojowej. Do\u015bwiadczenia i perspektywy, <\/em>21-22 listopada 2014 r., Wydzia\u0142 Prawa i Administracji Uniwersytetu Marii Curie-Sk\u0142odowskiej, Lublin.<\/li><li>[23 pa\u017adziernika 2014 r.] wyst\u0105pienie: <em>Zalety prowadzenia Biuletynu Informacji Publicznej przez organizacje pozarz\u0105dowe<\/em> w ramach II Og\u00f3lnopolskiej Konferencji Naukowej <em>\u2013 <\/em>Dzia\u0142alno\u015b\u0107 organizacji pozarz\u0105dowych: <em>Perspektywy rozwoju sektora organizacji pozarz\u0105dowych,<\/em> 23-24 pa\u017adziernika 2014 r., Uniwersytet Warmi\u0144sko-Mazurski, Olsztyn.<\/li><li>[2 czerwca 2014 r.] wyst\u0105pienie: <em>Ochrona \u201ePomnik\u00f3w Zag\u0142ady\u201d poprzez ograniczenie wolno\u015bci zgromadze\u0144 \u2013 konieczna i proporcjonalna? <\/em>w ramach I Og\u00f3lnopolskiej Konferencji <em>Prawne formy ochrony zabytk\u00f3w i opieki nad zabytkami<\/em>, Sala Obrad Rady Miasta Krakowa.<\/li><li>[29 maja 2014 r.] wyst\u0105pienie: <em>Charakter prawny akt sprawy cywilnej w kontek\u015bcie ich udost\u0119pniania jako informacji publicznej<\/em> w ramach V Og\u00f3lnopolskiego Zjazdu Cywilist\u00f3w Student\u00f3w <em>50 lat s\u0142u\u017cby Kodeksu Cywilnego na rzecz obywateli<\/em>, Wydzia\u0142 Prawa i Administracji Uniwersytetu Szczeci\u0144skiego.<\/li><li>[25 kwietnia 2014 r.] wyst\u0105pienie: <em>Perspektywa gender w uj\u0119ciu konstytucyjnie rozumianej godno\u015bci<\/em> w ramach Og\u00f3lnopolskiej Konferencji Naukowej <em>Gender. Czym by\u0142o? Czym jest? Czym si\u0119 staje?, <\/em>Wydzia\u0142 Nauk Politycznych i Dziennikarstwa Uniwersytetu im. Adama Mickiewicza w Poznaniu.<\/li><\/ol>\n\n\n\n<h4 class=\"wp-block-heading\"><strong>Inne konferencje<\/strong><\/h4>\n\n\n\n<ol type=\"1\" class=\"has-large-font-size wp-block-list\"><li>[18 marca 2021 r.] wyst\u0105pienie: <em>Co-delivering instead of co-planning? Hypothesis of redefining the model of co-production of public services due to the crisis<\/em>, podczas: EGPA Virtual Workshop \u2018Citizen Participation in Times of Crisis\u2019 18 March 2021.<\/li><li>[25 pa\u017adziernika 2019 r.] wyst\u0105pienie <em>Shaping co-production of public services through local laws. The case of local initiative in Poland<\/em>, podczas <em>Seminar: Models of local governance \u2013 ideas, concepts, experiences and goals for the future<\/em>, Pedagogical University of Cracow, Institute of Law, Administration and Economics, Faculty of Public Policies, Cracow, 25 October 2019.<\/li><li>[2 marca 2019 r.] wyst\u0105pienie <em>Problematyka wykonywania zada\u0144 publicznych w ramach inicjatywy lokalnej<\/em>, podczas XX Konferencji Wydzia\u0142owej <em>Solidarno\u015b\u0107 i dobro wsp\u00f3lne jako warto\u015bci w prawie<\/em>, Wydzia\u0142 Prawa i Administracji Uniwersytetu Warszawskiego, 1-4 marca 2019 r.<\/li><\/ol>\n\n\n\n<h3 class=\"wp-block-heading\"><strong>Realizowane projekty naukowe<\/strong><\/h3>\n\n\n\n<ol class=\"wp-block-list\" type=\"1\"><li>29 czerwca 2018 r. \u2013 28 czerwca 2021 r., projekt pn. <em>Instytucja inicjatywy lokalnej jako forma koprodukcji us\u0142ug publicznych<\/em> [nr projektu: 2017\/27\/N\/HS5\/00119, nr umowy: UMO-2017\/27\/N\/HS5\/00119], projekt finansowany ze \u015brodk\u00f3w Narodowego Centrum Nauki.<\/li><li>21 wrze\u015bnia 2015 r. \u2013 20 wrze\u015bnia 2017 r., projekt pn. <em>Ochrona Pomnik\u00f3w Zag\u0142ady w polskim systemie prawnym<\/em> [nr projektu: DI2014 021244, nr umowy: 0212\/DIA\/2015\/44], projekt finansowany ze \u015brodk\u00f3w Ministerstwa Nauki i Szkolnictwa Wy\u017cszego.<\/li><\/ol>\n\n\n\n<h3 class=\"wp-block-heading\"><strong>Wyjazdy zagraniczne, sta\u017ce, kursy<\/strong><\/h3>\n\n\n\n<ol type=\"1\" class=\"has-large-font-size wp-block-list\"><li>24 lipca 2017 r. \u2013 28 lipca 2017 r. [Berlin, Niemcy], uko\u0144czenie <em>LEAD Summer School<\/em>, organizowanej przez LEAD Academy GmbH.<\/li><li>16 pa\u017adziernika 2017 r. \u2013 21 grudnia 2017 r. [Madryt, Hiszpania], praktyka <em>Student Placement <\/em>w ramach programu Erasmus+ w instytucji Access Info Europe.<\/li><li>12-26 czerwca 2019 r. [Holandia: Amsterdam, Utrecht, Rotterdam, Baarn] wyjazd do Holandii w ramach Programu finansowego wsparcia wyjazd\u00f3w zagranicznych doktorant\u00f3w Uniwersytetu Warszawskiego [Zintegrowany Program Rozwoju UW], w celu zebrania materia\u0142\u00f3w do pracy doktorskiej: spotkania z holenderskimi naukowcami [Vrije Universiteit], kwerenda biblioteczna [Vrije Universiteit], wywiady z pracownikami urz\u0119d\u00f3w [Utrecht, Baarn] i organizacji pozarz\u0105dowej [Rotterdam], zajmuj\u0105cych si\u0119 koprodukcj\u0105 us\u0142ug publicznych.<\/li><li>5-12 lipca 2019 r. [Zurich-Winterthur, Szwajcaria], PhD Summer School 2019 on Local Governance \u201cIs Local Always Better? In Search of Adequate Territorial Structures for Governance, Decision-Making, and Service Delivery\u201d, organizator: Zurich University of Applied Sciences &#8211; School of Management and Law, in cooperation with ECPR \u2013 European Consortium for Political Research.<\/li><\/ol>\n","protected":false},"excerpt":{"rendered":"<p>Czynny udzia\u0142 w konferencjach naukowych Mi\u0119dzynarodowe konferencje naukowe za granic\u0105 The 2019 EGPA Annual Conference Public Administration across Borders, Belfast, Northern Ireland, United Kingdom, 11-13 wrze\u015bnia 2019 r., wyst\u0105pienie: When to formalize co-production of public services? Considerations on the background of the Local Initiative in Poland (w ramach Permanent Study Group IV on Local Governance [&hellip;]<\/p>\n","protected":false},"author":1,"featured_media":0,"parent":0,"menu_order":0,"comment_status":"closed","ping_status":"closed","template":"templates\/template-full-width.php","meta":{"footnotes":""},"class_list":["post-126","page","type-page","status-publish","hentry"],"_links":{"self":[{"href":"http:\/\/bartoszwilk.pl\/index.php\/wp-json\/wp\/v2\/pages\/126","targetHints":{"allow":["GET"]}}],"collection":[{"href":"http:\/\/bartoszwilk.pl\/index.php\/wp-json\/wp\/v2\/pages"}],"about":[{"href":"http:\/\/bartoszwilk.pl\/index.php\/wp-json\/wp\/v2\/types\/page"}],"author":[{"embeddable":true,"href":"http:\/\/bartoszwilk.pl\/index.php\/wp-json\/wp\/v2\/users\/1"}],"replies":[{"embeddable":true,"href":"http:\/\/bartoszwilk.pl\/index.php\/wp-json\/wp\/v2\/comments?post=126"}],"version-history":[{"count":34,"href":"http:\/\/bartoszwilk.pl\/index.php\/wp-json\/wp\/v2\/pages\/126\/revisions"}],"predecessor-version":[{"id":254,"href":"http:\/\/bartoszwilk.pl\/index.php\/wp-json\/wp\/v2\/pages\/126\/revisions\/254"}],"wp:attachment":[{"href":"http:\/\/bartoszwilk.pl\/index.php\/wp-json\/wp\/v2\/media?parent=126"}],"curies":[{"name":"wp","href":"https:\/\/api.w.org\/{rel}","templated":true}]}}