{"id":2,"date":"2021-01-17T17:41:05","date_gmt":"2021-01-17T16:41:05","guid":{"rendered":"http:\/\/bartoszwilk.eu\/?page_id=2"},"modified":"2022-01-28T00:24:38","modified_gmt":"2022-01-27T23:24:38","slug":"przykladowa-strona","status":"publish","type":"page","link":"http:\/\/bartoszwilk.pl\/index.php\/przykladowa-strona\/","title":{"rendered":"Wypowiedzi dla medi\u00f3w"},"content":{"rendered":"\n<p class=\"has-large-font-size\">Na tej stronie znajdziesz zestawienie moich wypowiedzi dla medi\u00f3w.<\/p>\n\n\n\n<ul class=\"has-large-font-size wp-block-list\"><li>[26.01.2022] <em><a href=\"https:\/\/serwisy.gazetaprawna.pl\/orzeczenia\/artykuly\/8342165,izba-radcow-prawnych-udostepnienie-informacji-publicznej.html\" data-type=\"URL\" data-id=\"https:\/\/serwisy.gazetaprawna.pl\/orzeczenia\/artykuly\/8342165,izba-radcow-prawnych-udostepnienie-informacji-publicznej.html\">Korporacje prawnicze coraz bardziej jawne<\/a><\/em>, Dziennik Gazeta Prawna<\/li><li>[17.08.2021] <em><a href=\"https:\/\/serwisy.gazetaprawna.pl\/orzeczenia\/artykuly\/8227298,finanse-partii-politycznej-informacja-publiczna.html\" data-type=\"URL\" data-id=\"https:\/\/serwisy.gazetaprawna.pl\/orzeczenia\/artykuly\/8227298,finanse-partii-politycznej-informacja-publiczna.html\">Finanse partii politycznej nie zawsze stanowi\u0105 informacj\u0119 publiczn\u0105<\/a><\/em>, Dziennik Gazeta Prawna<\/li><li>[27.07.2021] <em><a href=\"https:\/\/www.portalsamorzadowy.pl\/praca\/nepotyzm-jak-polska-dluga-i-szeroka-takze-w-samorzadach,300217.html\" data-type=\"URL\" data-id=\"https:\/\/www.portalsamorzadowy.pl\/praca\/nepotyzm-jak-polska-dluga-i-szeroka-takze-w-samorzadach,300217.html\">Nepotyzm jak Polska d\u0142uga i szeroka. Tak\u017ce w samorz\u0105dach<\/a><\/em>, Portal Samorz\u0105dowy<\/li><li>[14.07.2021] <em><a href=\"https:\/\/serwisy.gazetaprawna.pl\/orzeczenia\/artykuly\/8208882,wysokosc-diet-w-naczelnej-radzie-adwokackiej-to-informacja-publiczna-znamy-stawki.html\" data-type=\"URL\" data-id=\"https:\/\/serwisy.gazetaprawna.pl\/orzeczenia\/artykuly\/8208882,wysokosc-diet-w-naczelnej-radzie-adwokackiej-to-informacja-publiczna-znamy-stawki.html\">Wysoko\u015b\u0107 diet w Naczelnej Radzie Adwokackiej to informacja publiczna. Znamy stawki<\/a><\/em>, Dziennik Gazeta Prawna<\/li><li>[30.06.2021] <em><a href=\"https:\/\/kurekmazurski.pl\/burmistrz-knebluje-usta-krytykom-2021063064292\/\" data-type=\"URL\" data-id=\"https:\/\/kurekmazurski.pl\/burmistrz-knebluje-usta-krytykom-2021063064292\/\">Burmistrz knebluje usta krytykom<\/a><\/em>, portal Kurek Mazurski, tak\u017ce gazeta Kurek Mazurski nr 26 (1385) z 1 lipca 2021 r.<\/li><li>[10.06.2021] <em><a href=\"https:\/\/info.mragowo.pl\/czy-sms-y-moga-decydowac-o-absolutorium-dla-burmistrza-pytamy-eksperta-watchdog-polska\/\" data-type=\"URL\" data-id=\"https:\/\/info.mragowo.pl\/czy-sms-y-moga-decydowac-o-absolutorium-dla-burmistrza-pytamy-eksperta-watchdog-polska\/\">Czy SMS-y mog\u0105 decydowa\u0107 o absolutorium dla burmistrza? Pytamy eksperta Watchdog Polska<\/a><\/em>, portal Info Mr\u0105gowo PL<\/li><li>[30.04.2021] <em><a href=\"https:\/\/www.prawo.pl\/zdrowie\/obowiazkowe-szczepienia-przeciwko-covid-19-w-walbrzychu,507994.html\" data-type=\"URL\" data-id=\"https:\/\/www.prawo.pl\/zdrowie\/obowiazkowe-szczepienia-przeciwko-covid-19-w-walbrzychu,507994.html\">Miasto, kt\u00f3re wprowadza obowi\u0105zek szczepie\u0144, \u0142amie prawo<\/a><\/em>, portal Prawo.pl<\/li><li>[27.04.2021] <em><a href=\"https:\/\/serwisy.gazetaprawna.pl\/orzeczenia\/artykuly\/8150616,tajemnicza-skarga-nadzwyczajna-czy-mozna-poznac-tresc-wystapienia-do-sn.html\" data-type=\"URL\" data-id=\"https:\/\/serwisy.gazetaprawna.pl\/orzeczenia\/artykuly\/8150616,tajemnicza-skarga-nadzwyczajna-czy-mozna-poznac-tresc-wystapienia-do-sn.html\">Tajemnicza skarga nadzwyczajna. Czy mo\u017cna pozna\u0107 tre\u015b\u0107 wyst\u0105pienia do SN?<\/a><\/em>, Dziennik Gazeta Prawna<\/li><li>[26.02.2021] <a href=\"https:\/\/www.press.pl\/tresc\/65015,ipn-przeciaga-udostepnienie-informacji-nt_-zarobkow\" data-type=\"URL\" data-id=\"https:\/\/www.press.pl\/tresc\/65015,ipn-przeciaga-udostepnienie-informacji-nt_-zarobkow\"><em>IPN na pytania o zarobki nie odpowiada<\/em><\/a>, Magazyn Press<\/li><li>[20.02.2021] <a href=\"https:\/\/www.onet.pl\/kultura\/onetkultura\/komu-przyznano-dotacje-z-funduszu-wsparcia-kultury-mkidn-nabralo-wody-w-usta\/spgyrys,681c1dfa\" data-type=\"URL\" data-id=\"https:\/\/www.onet.pl\/kultura\/onetkultura\/komu-przyznano-dotacje-z-funduszu-wsparcia-kultury-mkidn-nabralo-wody-w-usta\/spgyrys,681c1dfa\"><em>Komu przyznano dotacje z Funduszu Wsparcia Kultury? MKiDN nabra\u0142o wody w usta<\/em><\/a>, Onet.pl<\/li><li>[01.02.2021] <a href=\"https:\/\/www.prawo.pl\/samorzad\/oskarzanie-o-znieslawienie-gminy-powinno-byc-wyjatkowe,506158.html\" data-type=\"URL\" data-id=\"https:\/\/www.prawo.pl\/samorzad\/oskarzanie-o-znieslawienie-gminy-powinno-byc-wyjatkowe,506158.html\"><em>Gmina kontra dziennikarz: W\u0142adza ma mie\u0107 \u201egrub\u0105 sk\u00f3r\u0119\u201d, prasa \u2013 kontrol\u0119<\/em><\/a>, portal Prawo.pl <\/li><li>[13.01.2021] <a href=\"https:\/\/www.prawo.pl\/samorzad\/soltysi-chcieliby-uczestniczyc-w-komisjach-i-miec-prawo-glosu-bo,505693.html\" data-type=\"URL\" data-id=\"https:\/\/www.prawo.pl\/samorzad\/soltysi-chcieliby-uczestniczyc-w-komisjach-i-miec-prawo-glosu-bo,505693.html\"><em>Centralne rozwi\u0105zania nie pomog\u0105 so\u0142tysom \u2013 ustalenie ich praw to rola gminy<\/em>,<\/a> portal Prawo.pl<\/li><li>[07.01.2021] <em><a href=\"https:\/\/prawo.mp.pl\/wywiady\/256385,gra-na-zwloke\" data-type=\"URL\" data-id=\"https:\/\/prawo.mp.pl\/wywiady\/256385,gra-na-zwloke\">Gra na zw\u0142ok\u0119<\/a><\/em> [wywiad], Medycyna Praktyczna<\/li><li>[14.11.2020] <em><a href=\"https:\/\/www.prawo.pl\/samorzad\/sesje-rad-w-czasie-covid,504478.html\" data-type=\"URL\" data-id=\"https:\/\/www.prawo.pl\/samorzad\/sesje-rad-w-czasie-covid,504478.html\">Sesje rad w czasie COVID \u2013 czasem bez transmisji i jawno\u015bci<\/a><\/em>, portal Prawo.pl<\/li><li>[13.10.2020] <em><a href=\"https:\/\/www.prawo.pl\/samorzad\/z-jakim-wyprzedzeniem-trzeba-informowac-radnych-o-terminie-sesji,503739.html\" data-type=\"URL\" data-id=\"https:\/\/www.prawo.pl\/samorzad\/z-jakim-wyprzedzeniem-trzeba-informowac-radnych-o-terminie-sesji,503739.html\">Radnym nie mo\u017cna utrudnia\u0107 pracy, zw\u0142aszcza tym z opozycji<\/a><\/em>, portal Prawo.pl<\/li><li>[07.09.2020] <em><a href=\"https:\/\/www.prawo.pl\/samorzad\/wspolna-przestrzen-i-odpowiedzialnosc-za-szkody-wyrzadzone-przez,502851.html\" data-type=\"URL\" data-id=\"https:\/\/www.prawo.pl\/samorzad\/wspolna-przestrzen-i-odpowiedzialnosc-za-szkody-wyrzadzone-przez,502851.html\">Korzystanie ze wsp\u00f3lnej przestrzeni i odleg\u0142o\u015bci od s\u0105siad\u00f3w &#8211; stwarzaj\u0105 problemy<\/a><\/em>, portal Prawo.pl<\/li><li>[01.09.2020] <a href=\"https:\/\/gazeta.jawnylublin.pl\/gazeta_nr_5.pdf\" data-type=\"URL\" data-id=\"https:\/\/gazeta.jawnylublin.pl\/gazeta_nr_5.pdf\"><em>Prezydent Lublina w rok przyzna\u0142 tysi\u0105c medali<\/em><\/a>, Gazeta Jawny Lublin, nr 1(5)\/2020<\/li><li>[12.08.2020] <em><a href=\"https:\/\/wiadomosci.gazeta.pl\/wiadomosci\/7,114883,26204803,wpadka-lodzkich-policjantow-na-komisariacie-zgubiono-protokol.html\" data-type=\"URL\" data-id=\"https:\/\/wiadomosci.gazeta.pl\/wiadomosci\/7,114883,26204803,wpadka-lodzkich-policjantow-na-komisariacie-zgubiono-protokol.html\">Wpadka \u0142\u00f3dzkich policjant\u00f3w. Na komisariacie zgubiono protok\u00f3\u0142 z przes\u0142uchania<\/a><\/em>, Gazeta.pl <\/li><li>[31.07.2020] <em><a href=\"https:\/\/www.press.pl\/tresc\/62718,zabawa-w-gluchy-telefon\" data-type=\"URL\" data-id=\"https:\/\/www.press.pl\/tresc\/62718,zabawa-w-gluchy-telefon\">Zabawa w g\u0142uchy telefon<\/a><\/em>, Magazyn Press <\/li><li>[05.07.2020] <em><a href=\"https:\/\/bml.pl\/artykuly\/news\/pojedynczy-wyrok-nie-konczy-sprawy\" data-type=\"URL\" data-id=\"https:\/\/bml.pl\/artykuly\/news\/pojedynczy-wyrok-nie-konczy-sprawy\">Pojedynczy wyrok nie ko\u0144czy sprawy<\/a><\/em>, Portal BML (brandmed)<\/li><li>[24.06.2020] <em><a href=\"https:\/\/serwisy.gazetaprawna.pl\/zdrowie\/artykuly\/1484260,pytania-na-egzamin-lekarski-jawne.html\" data-type=\"URL\" data-id=\"https:\/\/serwisy.gazetaprawna.pl\/zdrowie\/artykuly\/1484260,pytania-na-egzamin-lekarski-jawne.html\">Egzaminy lekarskie wreszcie jawne. Nie mo\u017cna ogranicza\u0107 dost\u0119pu do pyta\u0144,<\/a> <\/em>Dziennik Gazeta Prawna<\/li><li>[21.06.2020] <em><a href=\"https:\/\/www.tokfm.pl\/Tokfm\/7,103085,26052818,walka-o-jawnosc-przynosi-efekty-sad-lekarze-powinni-miec-dostep.html\" data-type=\"URL\" data-id=\"https:\/\/www.tokfm.pl\/Tokfm\/7,103085,26052818,walka-o-jawnosc-przynosi-efekty-sad-lekarze-powinni-miec-dostep.html\">Walka o jawno\u015b\u0107 przynosi efekty. S\u0105d: Lekarze powinni mie\u0107 dost\u0119p do pyta\u0144 egzaminacyjnych z poprzednich lat<\/a><\/em>, TOK FM<\/li><li>[04.06.2020] <em><a href=\"https:\/\/www.prawo.pl\/samorzad\/wyodrebnienie-lub-niewyodrebnienie-w-gminie-funduszu-soleckiego,500796.html\" data-type=\"URL\" data-id=\"https:\/\/www.prawo.pl\/samorzad\/wyodrebnienie-lub-niewyodrebnienie-w-gminie-funduszu-soleckiego,500796.html\">Uchwa\u0142y rad o funduszu so\u0142eckim podj\u0119te po 31 marca s\u0105 uniewa\u017cniane<\/a><\/em>, portal Prawo.pl<\/li><li>[04.06.2020] <a href=\"https:\/\/prawo.mp.pl\/wiadomosci\/238502,wazna-wygrana\" data-type=\"URL\" data-id=\"https:\/\/prawo.mp.pl\/wiadomosci\/238502,wazna-wygrana\"><em>Wa\u017cna wygrana<\/em><\/a>, Medycyna Praktyczna<\/li><li>[15.05.2020] <em><a href=\"https:\/\/www.prawo.pl\/samorzad\/rafal-trzaskowski-prezydent-warszawy-to-nowy-kandydat-koalicji,500338.html\" data-type=\"URL\" data-id=\"https:\/\/www.prawo.pl\/samorzad\/rafal-trzaskowski-prezydent-warszawy-to-nowy-kandydat-koalicji,500338.html\">Prezydent Warszawy kandydatem na prezydenta pa\u0144stwa, ale na razie dymisja niekonieczna<\/a>, <\/em>portal Prawo.pl <\/li><li>[28.04.2020] <a href=\"https:\/\/konkret24.tvn24.pl\/polityka,112\/senackie-nagrody-i-dodatki-kancelaria-senatu-nie-podaje-kogo-wyrozniono,1013396.html\" data-type=\"URL\" data-id=\"https:\/\/konkret24.tvn24.pl\/polityka,112\/senackie-nagrody-i-dodatki-kancelaria-senatu-nie-podaje-kogo-wyrozniono,1013396.html\"><em>Senackie nagrody i dodatki. Kancelaria Senatu nie podaje, kogo wyr\u00f3\u017cniono<\/em><\/a>, TVN24<\/li><li>[16.03.2020] <a href=\"https:\/\/archiwum.rp.pl\/artykul\/1424294-WSA:-nie-trzeba-informowac-o-skargach-na-adwokata.html\" data-type=\"URL\" data-id=\"https:\/\/archiwum.rp.pl\/artykul\/1424294-WSA:-nie-trzeba-informowac-o-skargach-na-adwokata.html\"><em>WSA: nie trzeba informowa\u0107 o skargach na adwokata<\/em><\/a>, Rzeczpospolita<\/li><li>[15.03.2020] <a href=\"https:\/\/www.rp.pl\/Sadownictwo-dyscyplinarne\/303159923-WSA-liczba-donosow-dyscyplinarnych-nie-jest-informacja-publiczna.html\" data-type=\"URL\" data-id=\"https:\/\/www.rp.pl\/Sadownictwo-dyscyplinarne\/303159923-WSA-liczba-donosow-dyscyplinarnych-nie-jest-informacja-publiczna.html\"><em>WSA: liczba donos\u00f3w dyscyplinarnych nie jest informacj\u0105 publiczn\u0105<\/em><\/a>, Rzeczpospolita<\/li><li>[28.02.2020] <a href=\"https:\/\/www.prawo.pl\/samorzad\/inicjatywa-lokalna-malo-popularna-choc-moze-byc-sposobem-na,498226.html\" data-type=\"URL\" data-id=\"https:\/\/www.prawo.pl\/samorzad\/inicjatywa-lokalna-malo-popularna-choc-moze-byc-sposobem-na,498226.html\"><em>Inicjatywa lokalna ma\u0142o popularna, cho\u0107 mo\u017ce by\u0107 sposobem na oszcz\u0119dno\u015bci<\/em>,<\/a> portal Prawo.pl<\/li><li>[27.01.2020] <em><a href=\"https:\/\/www.prawo.pl\/samorzad\/pieczec-radnego-moze-zawierac-imie-nazwisko-i-funkcje-nie-moze,497469.html\" data-type=\"URL\" data-id=\"https:\/\/www.prawo.pl\/samorzad\/pieczec-radnego-moze-zawierac-imie-nazwisko-i-funkcje-nie-moze,497469.html\">Urz\u0105d gminy nie mo\u017ce zabroni\u0107 radnemu posiadania piecz\u0105tk<\/a>i<\/em>, portal Prawo.pl<\/li><li>[30.12.2019] <em><a href=\"https:\/\/www.tokfm.pl\/Tokfm\/7,103085,25551416,obywatele-coraz-czesciej-po-prostu-chca-wiedziec-to-pomaga.html\" data-type=\"URL\" data-id=\"https:\/\/www.tokfm.pl\/Tokfm\/7,103085,25551416,obywatele-coraz-czesciej-po-prostu-chca-wiedziec-to-pomaga.html\">Obywatele coraz cz\u0119\u015bciej po prostu chc\u0105 wiedzie\u0107. &#8222;To pomaga patrze\u0107 w\u0142adzy na r\u0119ce&#8221;<\/a><\/em>, TOK FM <\/li><li>[4.11.2019] <em><a href=\"https:\/\/www.portalsamorzadowy.pl\/spoleczenstwo-informacyjne\/obowiazkowe-transmisje-obrad-nie-sa-idealne,134155.html\" data-type=\"URL\" data-id=\"https:\/\/www.portalsamorzadowy.pl\/spoleczenstwo-informacyjne\/obowiazkowe-transmisje-obrad-nie-sa-idealne,134155.html\">Obowi\u0105zkowe transmisje obrad nie s\u0105 idealne<\/a>, <\/em>Portal Samorz\u0105dowy<em> <\/em><\/li><li>[29.10.2019] <em><a href=\"https:\/\/www.prawo.pl\/samorzad\/transmisja-obrad-rady-nowy-obowiazek-samorzadow,494904.html\" data-type=\"URL\" data-id=\"https:\/\/www.prawo.pl\/samorzad\/transmisja-obrad-rady-nowy-obowiazek-samorzadow,494904.html\">Brak transmisji z obrad rady narusza prawo, nawet gdy gmina jest biedna<\/a><\/em>, portal Prawo.pl<\/li><li>[15.10.2019] <em><a href=\"https:\/\/www.prawo.pl\/samorzad\/dieta-radnego-w-przypadku-nieobecnosci-na-sesji-usprawiedliwienie,488380.html\" data-type=\"URL\" data-id=\"https:\/\/www.prawo.pl\/samorzad\/dieta-radnego-w-przypadku-nieobecnosci-na-sesji-usprawiedliwienie,488380.html\">Nie mo\u017cna dowolnie usprawiedliwia\u0107 nieobecno\u015bci radnego na sesji<\/a><\/em>, portal Prawo.pl<\/li><li>[13.10.2019] <a href=\"https:\/\/www.portalsamorzadowy.pl\/komunikacja-spoleczna\/kto-moze-kontrolowac-spolke-komunalna-nawet-sady-nie-maja-pewnosci,133164.html\" data-type=\"URL\" data-id=\"https:\/\/www.portalsamorzadowy.pl\/komunikacja-spoleczna\/kto-moze-kontrolowac-spolke-komunalna-nawet-sady-nie-maja-pewnosci,133164.html\"><em>Kto mo\u017ce kontrolowa\u0107 sp\u00f3\u0142k\u0119 komunaln\u0105? Nawet s\u0105dy nie maj\u0105 pewno\u015bci<\/em><\/a>, Portal Samorz\u0105dowy<\/li><li>[3.10.2019] <em><a href=\"https:\/\/radioostrowiec.pl\/2019\/10\/03\/senator-pis-donosi-na-mieszkancow-baltowa-komentarze-samorzadowcow-i-politykow\/\">Senator PiS donosi na mieszka\u0144c\u00f3w Ba\u0142towa. Komentarze samorz\u0105dowc\u00f3w i polityk\u00f3w<\/a><\/em>, Radio Ostrowiec<\/li><li>[27.09.2019] <em><a href=\"https:\/\/sportowefakty.wp.pl\/pilka-nozna\/845649\/pzpn-nie-chce-ujawnic-finansow-naczelny-sad-administracyjny-odrzuca-skarge-zwiaz\" data-type=\"URL\" data-id=\"https:\/\/sportowefakty.wp.pl\/pilka-nozna\/845649\/pzpn-nie-chce-ujawnic-finansow-naczelny-sad-administracyjny-odrzuca-skarge-zwiaz\">PZPN nie chce ujawni\u0107 finans\u00f3w. Naczelny S\u0105d Administracyjny odrzuca skarg\u0119 zwi\u0105zku<\/a><\/em>, Sportowe Fakty &#8211; Wirtualna Polska<\/li><li>[21.08.2019] <em><a href=\"https:\/\/kurekmazurski.pl\/utajniony-proces-ekswojta-2019082161152\/\" data-type=\"URL\" data-id=\"https:\/\/kurekmazurski.pl\/utajniony-proces-ekswojta-2019082161152\/\">Utajniony proces eksw\u00f3jta<\/a><\/em> czasopismo Kurek Mazurski<\/li><li>[1.08.2019] <em><a href=\"https:\/\/gazetakrakowska.pl\/egzaminy-na-studiach-beda-jawne-tak-wynika-z-wyroku-sadu-studencie-byc-moze-bedziesz-mogl-sprawdzic-arkusze\/ar\/c5-14319007\" data-type=\"URL\" data-id=\"https:\/\/gazetakrakowska.pl\/egzaminy-na-studiach-beda-jawne-tak-wynika-z-wyroku-sadu-studencie-byc-moze-bedziesz-mogl-sprawdzic-arkusze\/ar\/c5-14319007\">Egzaminy na studiach b\u0119d\u0105 jawne? Tak wynika z wyroku s\u0105du. Studencie \u2013 by\u0107 mo\u017ce b\u0119dziesz m\u00f3g\u0142 sprawdzi\u0107 arkusze<\/a><\/em>, Gazeta Krakowska<\/li><li>[29.07.2019] <em><a href=\"https:\/\/serwisy.gazetaprawna.pl\/edukacja\/artykuly\/1423885,arkusze-egzamianacyjne-na-uczelniach-jawnosc.html\">S\u0105d zmusi uczelnie do jawno\u015bci. Trzeba udost\u0119pnia\u0107 arkusze egzaminacyjne<\/a><\/em>, Dziennik Gazeta Prawna<\/li><li>[25.06.2019] <a href=\"http:\/\/regionfan.pl\/radnych-mozna-ogladac-slychac\/\"><em>Radnych mo\u017cna ogl\u0105da\u0107, ale ich nie s\u0142ycha\u0107<\/em><\/a>, Region Fan<\/li><li>[25.06.2019] <em><a href=\"https:\/\/www.lubin.pl\/radnych-mozna-ogladac-ale-ich-nie-slychac\/\" data-type=\"URL\" data-id=\"https:\/\/www.lubin.pl\/radnych-mozna-ogladac-ale-ich-nie-slychac\/\">Radnych mo\u017cna ogl\u0105da\u0107, ale ich nie s\u0142ycha\u0107<\/a><\/em>, Portal Lubin.pl<\/li><li>[7.06.2019] <em><a href=\"https:\/\/wejherowo.naszemiasto.pl\/radny-gminy-wejherowo-prezesem-spoldzielni-socjalnej\/ar\/c1-5157545\" data-type=\"URL\" data-id=\"https:\/\/wejherowo.naszemiasto.pl\/radny-gminy-wejherowo-prezesem-spoldzielni-socjalnej\/ar\/c1-5157545\">Radny gminy Wejherowo prezesem sp\u00f3\u0142dzielni socjalnej. Mieszka\u0144cy maj\u0105 w\u0105tpliwo\u015bci<\/a><\/em>, Wejherowo Nasze Miasto<\/li><li>[06.05.2019] <em><a href=\"https:\/\/bydgoszcz.wyborcza.pl\/bydgoszcz\/7,48722,24757242,strajk-nauczycieli-miasto-dzieli-dodatkowe-pieniadze-dla-szkol.html\" data-type=\"URL\" data-id=\"https:\/\/bydgoszcz.wyborcza.pl\/bydgoszcz\/7,48722,24757242,strajk-nauczycieli-miasto-dzieli-dodatkowe-pieniadze-dla-szkol.html\">Strajk nauczycieli. Miasto dzieli dodatkowe pieni\u0105dze dla szk\u00f3\u0142,<\/a><\/em> Gazeta Wyborcza Bydgoszcz<\/li><li>[06.05.2019] <a href=\"https:\/\/www.prawo.pl\/oswiata\/czy-nauczyciele-moga-dostac-wynagrodzenie-za-strajk-opinia,410795.html\" data-type=\"URL\" data-id=\"https:\/\/www.prawo.pl\/oswiata\/czy-nauczyciele-moga-dostac-wynagrodzenie-za-strajk-opinia,410795.html\"><em>MF: Nauczyciele mog\u0105 dosta\u0107 pieni\u0105dze za dodatkowe zaj\u0119cia, nie za strajk<\/em>,<\/a> portal Prawo.pl<\/li><li>[27.04.2019] <em><a href=\"https:\/\/plus.dziennikbaltycki.pl\/gminy-moga-wyplacic-pensje-za-czas-strajku-rozmowy\/ar\/c5-14084095\" data-type=\"URL\" data-id=\"https:\/\/plus.dziennikbaltycki.pl\/gminy-moga-wyplacic-pensje-za-czas-strajku-rozmowy\/ar\/c5-14084095\">Gminy mog\u0105 wyp\u0142aci\u0107 pensje za czas strajku [rozmowy]<\/a><\/em>, Dziennik Ba\u0142tycki<\/li><li>[27.04.2019] <em><a href=\"https:\/\/plus.echodnia.eu\/radomskie\/gminy-moga-wyplacic-pensje-za-czas-strajku-rozmowy\/ar\/c5-14084095\" data-type=\"URL\" data-id=\"https:\/\/plus.echodnia.eu\/radomskie\/gminy-moga-wyplacic-pensje-za-czas-strajku-rozmowy\/ar\/c5-14084095\">Gminy mog\u0105 wyp\u0142aci\u0107 pensje za czas strajku [rozmowy]<\/a><\/em>, Echo Dnia<\/li><li>[27.04.2019] <em><a href=\"https:\/\/gazetawroclawska.pl\/strajkujacy-nauczyciele-w-maju-nie-dostana-ani-zlotowki\/ar\/c1-14082917\" data-type=\"URL\" data-id=\"https:\/\/gazetawroclawska.pl\/strajkujacy-nauczyciele-w-maju-nie-dostana-ani-zlotowki\/ar\/c1-14082917\">Strajkuj\u0105cy nauczyciele w maju nie dostan\u0105 ani z\u0142ot\u00f3wki?<\/a><\/em>, Gazeta Wroc\u0142awska<\/li><li>[20.02.2019] <em><a href=\"https:\/\/strajk.eu\/watchdog-polska-wygrala-w-sadzie-ze-szkola-rydzyka-dostanie-100-zl\">Watchdog Polska wygra\u0142a w s\u0105dzie ze szko\u0142\u0105 Rydzyka. Dostanie 100 z\u0142<\/a><\/em>, Strajk.eu<\/li><li>[18.02.2019] <em><a href=\"https:\/\/www.polsatnews.pl\/wiadomosc\/2019-02-18\/uczelnia-o-rydzyka-przegrala-z-watchdog-polska-ws-informacji-publicznej\/\">Uczelnia o. Rydzyka przegra\u0142a z Watchdog Polska ws. informacji publicznej<\/a><\/em>, Polsat News<\/li><li>[18.02.2019] <a href=\"https:\/\/wiadomosci.gazeta.pl\/wiadomosci\/7,114883,24469964,uczelnia-ojca-rydzyka-przegrala-w-sadzie-z-watchdog-polska.html\" data-type=\"URL\" data-id=\"https:\/\/wiadomosci.gazeta.pl\/wiadomosci\/7,114883,24469964,uczelnia-ojca-rydzyka-przegrala-w-sadzie-z-watchdog-polska.html\"><em>Uczelnia ojca Rydzyka przegra\u0142a w s\u0105dzie z Watchdog Polska. Kara? 100 z\u0142otych<\/em><\/a>, Gazeta.pl<\/li><li>[29.01.2019] <em><a href=\"https:\/\/wyborcza.pl\/7,75398,24408691,program-losowania-sedziow-zostanie-niejawny-wedlug-sadu-ujawnienie.html\" data-type=\"URL\" data-id=\"https:\/\/wyborcza.pl\/7,75398,24408691,program-losowania-sedziow-zostanie-niejawny-wedlug-sadu-ujawnienie.html\">Program losowania s\u0119dzi\u00f3w zostanie niejawny. Wed\u0142ug s\u0105du ujawnienie jego kodu zagra\u017ca\u0142oby bezpiecze\u0144stwu<\/a><\/em>, Gazeta Wyborcza<\/li><li>[28.01.2019] <em><a href=\"https:\/\/wpolityce.pl\/polityka\/431538-co-stoleczny-ratusz-ma-do-ukrycia-gazetapl-bez-informacji\" data-type=\"URL\" data-id=\"https:\/\/wpolityce.pl\/polityka\/431538-co-stoleczny-ratusz-ma-do-ukrycia-gazetapl-bez-informacji\">Co sto\u0142eczny ratusz ma do ukrycia? Urz\u0119dnicy odmawiaj\u0105 dziennikarzom Gazeta.pl informacji ws. konkursu, kt\u00f3ry wygra\u0142 D\u0105browa!<\/a><\/em>, portal wPolityce.pl<\/li><li>[28.01.2019] <em><a href=\"http:\/\/wiadomosci.gazeta.pl\/wiadomosci\/7,114884,24408159,pytamy-ratusz-kto-konkurowal-z-kamilem-dabrowa-urzednicy-zwlekaja.html\">Ratusz ukrywa, kto konkurowa\u0142 z Kamilem D\u0105brow\u0105, ka\u017ce czeka\u0107 dwa miesi\u0105ce. &#8222;To skomplikowana sprawa&#8221;<\/a><\/em>, portal gazeta.pl<\/li><li>[21.01.2019] <a href=\"https:\/\/www.polsatnews.pl\/wiadomosc\/2019-01-21\/po-wyroku-nsa-kancelaria-prezydenta-ujawnia-ekspertyzy-ws-ofe-nadal-niejawne-sa-ws-tk\/\" data-type=\"URL\" data-id=\"https:\/\/www.polsatnews.pl\/wiadomosc\/2019-01-21\/po-wyroku-nsa-kancelaria-prezydenta-ujawnia-ekspertyzy-ws-ofe-nadal-niejawne-sa-ws-tk\/\"><em>Po wyroku NSA Kancelaria Prezydenta ujawnia ekspertyzy ws. OFE. Nadal niejawne s\u0105 ws. TK<\/em>,<\/a> Polsat News<\/li><li>[14.12.2018] <em><a href=\"https:\/\/www.portalsamorzadowy.pl\/polityka-i-spoleczenstwo\/batalia-o-upublicznienie-dokumentow-pfron-zadzialal-po-6-latach,118371.html\" data-type=\"URL\" data-id=\"https:\/\/www.portalsamorzadowy.pl\/polityka-i-spoleczenstwo\/batalia-o-upublicznienie-dokumentow-pfron-zadzialal-po-6-latach,118371.html\">Batalia o upublicznienie dokument\u00f3w. PFRON zadzia\u0142a\u0142 po&#8230; 6 latach,<\/a><\/em> Portal Samorz\u0105dowy<\/li><li>[03.12.2018] <em><a href=\"https:\/\/www.polsatnews.pl\/wiadomosc\/2018-12-03\/jest-sledztwo-dot-ekspertyz-na-ktore-powolywal-sie-waszczykowski-ws-wyboru-tuska-na-szefa-re\" data-type=\"URL\" data-id=\"https:\/\/www.polsatnews.pl\/wiadomosc\/2018-12-03\/jest-sledztwo-dot-ekspertyz-na-ktore-powolywal-sie-waszczykowski-ws-wyboru-tuska-na-szefa-re\">Jest \u015bledztwo dot. ekspertyz, na kt\u00f3re powo\u0142ywa\u0142 si\u0119 Waszczykowski ws. wyboru Tuska na szefa RE<\/a><\/em>, Polsat News<\/li><li>[24.09.2018] <em><a href=\"https:\/\/www.polsatnews.pl\/wiadomosc\/2018-09-24\/sad-prokuratura-ma-zbadac-informacje-lux-veritatis-ws-wydatkow-z-pieniedzy-publicznych\/\" data-type=\"URL\" data-id=\"https:\/\/www.polsatnews.pl\/wiadomosc\/2018-09-24\/sad-prokuratura-ma-zbadac-informacje-lux-veritatis-ws-wydatkow-z-pieniedzy-publicznych\/\">S\u0105d: prokuratura ma zbada\u0107 informacje &#8222;Lux Veritatis&#8221; ws. wydatk\u00f3w z pieni\u0119dzy publicznych<\/a><\/em>, Polsat News<\/li><li>[23.10.2018] <em><a href=\"NSA: Kaczy\u0144ski i Orban rozmawiali jako liderzy partii; nie musz\u0105 ujawnia\u0107 o czym\" data-type=\"URL\" data-id=\"NSA: Kaczy\u0144ski i Orban rozmawiali jako liderzy partii; nie musz\u0105 ujawnia\u0107 o czym\">NSA: Kaczy\u0144ski i Orban rozmawiali jako liderzy partii; nie musz\u0105 ujawnia\u0107 o czym<\/a><\/em>, Polsat News<\/li><li>[24.09.2018] <em><a href=\"https:\/\/www.polsatnews.pl\/wiadomosc\/2018-09-24\/sad-prokuratura-ma-zbadac-informacje-lux-veritatis-ws-wydatkow-z-pieniedzy-publicznych\" data-type=\"URL\" data-id=\"https:\/\/www.polsatnews.pl\/wiadomosc\/2018-09-24\/sad-prokuratura-ma-zbadac-informacje-lux-veritatis-ws-wydatkow-z-pieniedzy-publicznych\">S\u0105d: prokuratura ma zbada\u0107 informacje &#8222;Lux Veritatis&#8221; ws. wydatk\u00f3w z pieni\u0119dzy publicznych<\/a><\/em>, Polsat News<\/li><li>[15.09.2018] <em><a href=\"https:\/\/szczecin.tvp.pl\/39018805\/kontrowersje-wokol-netto-areny-sprawe-rozstrzygnie-sad\" data-type=\"URL\" data-id=\"https:\/\/szczecin.tvp.pl\/39018805\/kontrowersje-wokol-netto-areny-sprawe-rozstrzygnie-sad\">Kontrowersje wok\u00f3\u0142 Netto Areny. Spraw\u0119 rozstrzygnie s\u0105d<\/a><\/em>, TVP Szczecin<\/li><li>[24.08.2018] <em><a href=\"https:\/\/plus.gs24.pl\/watchdog-wchodzi-do-gry-w-sprawie-nagrod-dla-prezesow-szczecinskich-spolek\/ar\/13436462\" data-type=\"URL\" data-id=\"https:\/\/plus.gs24.pl\/watchdog-wchodzi-do-gry-w-sprawie-nagrod-dla-prezesow-szczecinskich-spolek\/ar\/13436462\">Watchdog wchodzi do gry w sprawie nagr\u00f3d dla prezes\u00f3w szczeci\u0144skich sp\u00f3\u0142ek<\/a><\/em>, G\u0142os Szczeci\u0144ski<\/li><li>[04.07.2018] <em><a href=\"https:\/\/szczecin.wyborcza.pl\/szczecin\/7,34939,23632427,organizacja-watchdog-czesciowo-wygrala-w-sadzie-sprawe-o-jawnosc.html\" data-type=\"URL\" data-id=\"https:\/\/szczecin.wyborcza.pl\/szczecin\/7,34939,23632427,organizacja-watchdog-czesciowo-wygrala-w-sadzie-sprawe-o-jawnosc.html\">Dowiemy si\u0119, ile Netto p\u0142aci miastu za hal\u0119 przy ul. Szafera? Jest pierwsza wygrana w s\u0105dzie<\/a><\/em>, Gazeta Wyborcza Szczecin<\/li><li>[17.04.2018] <em><a href=\"https:\/\/szczecin.wyborcza.pl\/szczecin\/7,34939,23282713,sko-stanelo-po-stronie-miasta-spor-o-ujawnienie-kwoty-za-prawo.html\" data-type=\"URL\" data-id=\"https:\/\/szczecin.wyborcza.pl\/szczecin\/7,34939,23282713,sko-stanelo-po-stronie-miasta-spor-o-ujawnienie-kwoty-za-prawo.html\">Ile kosztuje nazwa &#8222;Netto Arena&#8221;. Miasto odmawia odpowiedzi, Watchdog odwo\u0142uje si\u0119 do WSA<\/a><\/em>, Gazeta Wyborcza Szczecin<\/li><li>[29.03.2018] <em><a href=\"https:\/\/gs24.pl\/zarobki-radnych-w-spolkach-miejskich-beda-tajne-w-tle-sprawa-radnego-duklanowskiego\/ar\/c3-13052246\" data-type=\"URL\" data-id=\"https:\/\/gs24.pl\/zarobki-radnych-w-spolkach-miejskich-beda-tajne-w-tle-sprawa-radnego-duklanowskiego\/ar\/c3-13052246\">Zarobki radnych w sp\u00f3\u0142kach miejskich b\u0119d\u0105 tajne. W tle sprawa radnego Duklanowskiego<\/a><\/em>, G\u0142os Szczeci\u0144ski<\/li><li>[28.03.2018] <a href=\"https:\/\/radioszczecin.pl\/1,369092,sad-starosta-musi-udostepnic-informacje-o-nagrod\" data-type=\"URL\" data-id=\"https:\/\/radioszczecin.pl\/1,369092,sad-starosta-musi-udostepnic-informacje-o-nagrod\"><em>S\u0105d: Starosta musi udost\u0119pni\u0107 informacj\u0119 o nagrodach dla urz\u0119dnik\u00f3w<\/em>,<\/a> Radio Szczecin<\/li><li>[11.01.2018] <a href=\"https:\/\/wiadomosci.onet.pl\/kraj\/rzeczpospolita-tajemnicza-ekspertyza-nowego-szefa-msz-wciaz-w-ukryciu\/lgd8syd\" data-type=\"URL\" data-id=\"https:\/\/wiadomosci.onet.pl\/kraj\/rzeczpospolita-tajemnicza-ekspertyza-nowego-szefa-msz-wciaz-w-ukryciu\/lgd8syd\"><em>&#8222;Rzeczpospolita&#8221;: tajemnicza ekspertyza nowego szefa MSZ wci\u0105\u017c w ukryciu<\/em><\/a>, Onet Wiadomo\u015bci<\/li><li>[22.12.2017] <em><a href=\"https:\/\/gazeta.jawnylublin.pl\/urzad-nie-wie-z-kim-spotykal-sie-prezydent-zuk-sprawie-budzetu-miasta\/\" data-type=\"URL\" data-id=\"https:\/\/gazeta.jawnylublin.pl\/urzad-nie-wie-z-kim-spotykal-sie-prezydent-zuk-sprawie-budzetu-miasta\/\">Urz\u0105d nie wie, z kim spotyka\u0142 si\u0119 prezydent \u017buk w sprawie bud\u017cetu miasta<\/a><\/em>, Gazeta Jawny Lublin<\/li><li>[22.11.2017] <a href=\"https:\/\/kulturaliberalna.pl\/2017\/11\/22\/derlikiewicz-wilk-ustawa-jawnosc-wywiad-watchdog\/\" data-type=\"URL\" data-id=\"https:\/\/kulturaliberalna.pl\/2017\/11\/22\/derlikiewicz-wilk-ustawa-jawnosc-wywiad-watchdog\/\"><em>Ustawa o jawno\u015bci. O co walczy Mariusz Kami\u0144ski?<\/em><\/a> [wywiad], Kultura Liberalna<\/li><li>[22.11.2017] <em><a href=\"https:\/\/praca.gazetaprawna.pl\/artykuly\/1086774,orzecznicy-zus-nie-chca-ujawniac-stanu-majatkowego.html\" data-type=\"URL\" data-id=\"https:\/\/praca.gazetaprawna.pl\/artykuly\/1086774,orzecznicy-zus-nie-chca-ujawniac-stanu-majatkowego.html\">Orzecznicy ZUS nie chc\u0105 ujawnia\u0107 stanu maj\u0105tkowego<\/a><\/em>, Dziennik Gazeta Prawna<\/li><li>[12.09.2017] <em><a href=\"https:\/\/www.polityka.pl\/tygodnikpolityka\/spoleczenstwo\/1719256,1,dac-swoim-i-siedziec-cicho.read\" data-type=\"URL\" data-id=\"https:\/\/www.polityka.pl\/tygodnikpolityka\/spoleczenstwo\/1719256,1,dac-swoim-i-siedziec-cicho.read\">Da\u0107 swoim i siedzie\u0107 cicho<\/a><\/em>, tygodnik Polityka<\/li><li>[08.05.2017] <a href=\"https:\/\/oko.press\/absurdalny-wykret-fundacji-o-rydzyka-ujawnia-wplywow-budzetu-panstwa-pytajacy-moga-byc-szpiegami\" data-type=\"URL\" data-id=\"https:\/\/oko.press\/absurdalny-wykret-fundacji-o-rydzyka-ujawnia-wplywow-budzetu-panstwa-pytajacy-moga-byc-szpiegami\"><em>Absurdalny wykr\u0119t fundacji o. Rydzyka. Nie ujawni\u0105 wp\u0142yw\u00f3w z bud\u017cetu pa\u0144stwa, bo pytaj\u0105cy mog\u0105 by\u0107 szpiegami<\/em><\/a>, OKO.press<\/li><li>[20.04.2017] <em><a href=\"https:\/\/www.polsatnews.pl\/wiadomosc\/2017-04-20\/bede-pytal-do-skutku-ktorzy-pracownicy-pracowali-w-komercyjnych-bankach-posel-kukiz15-pisze-do-nbp\/\" data-type=\"URL\" data-id=\"https:\/\/www.polsatnews.pl\/wiadomosc\/2017-04-20\/bede-pytal-do-skutku-ktorzy-pracownicy-pracowali-w-komercyjnych-bankach-posel-kukiz15-pisze-do-nbp\/\">&#8222;B\u0119d\u0119 pyta\u0142 do skutku, kt\u00f3rzy pracownicy pracowali w komercyjnych bankach&#8221;. Pose\u0142 Kukiz&#8217;15 pisze do NBP<\/a><\/em>, Polsat News<\/li><li>[17.01.2017] <em><a href=\"https:\/\/prawo.gazetaprawna.pl\/artykuly\/1011078,dostep-do-infarmacji-jawnosc.html\" data-type=\"URL\" data-id=\"https:\/\/prawo.gazetaprawna.pl\/artykuly\/1011078,dostep-do-infarmacji-jawnosc.html\">Pa\u0144stwo coraz bardziej tajne: S\u0142u\u017cby specjalne nie chc\u0105 si\u0119 dzieli\u0107 z obywatelami \u017cadnymi informacjami<\/a><\/em>, Dziennik Gazeta Prawna<\/li><li>[23.11.2016] <a href=\"https:\/\/plus.dziennikbaltycki.pl\/gdynia-urzednicy-dostali-wysokie-nagrody-dopiero-sad-zmusil-prezydenta-aby-to-ujawnil\/ar\/11490209\" data-type=\"URL\" data-id=\"https:\/\/plus.dziennikbaltycki.pl\/gdynia-urzednicy-dostali-wysokie-nagrody-dopiero-sad-zmusil-prezydenta-aby-to-ujawnil\/ar\/11490209\"><em>Gdynia: Urz\u0119dnicy dostali wysokie nagrody. Dopiero s\u0105d zmusi\u0142 prezydenta, aby to ujawni\u0142<\/em><\/a>, Dziennik Ba\u0142tycki<\/li><li>[10.11.2016] <em><a href=\"https:\/\/wiadomosci.wp.pl\/prokuratura-nie-wszczela-sledztwa-ws-marka-kuchcinskiego-watchdog-zlozymy-zazalenie-do-sadu-6057102049756289a\" data-type=\"URL\" data-id=\"https:\/\/wiadomosci.wp.pl\/prokuratura-nie-wszczela-sledztwa-ws-marka-kuchcinskiego-watchdog-zlozymy-zazalenie-do-sadu-6057102049756289a\">Prokuratura nie wszcz\u0119\u0142a \u015bledztwa ws. Marka Kuchci\u0144skiego. Watchdog: z\u0142o\u017cymy za\u017calenie do s\u0105du<\/a><\/em>, Wirtualna Polska <\/li><li>[12.10.2016] <em><a href=\"https:\/\/serwisy.gazetaprawna.pl\/samorzad\/artykuly\/983593,czy-jednostki-samorzadu-terytorialnego-maja-prawo-do-skladania-petycji.html\" data-type=\"URL\" data-id=\"https:\/\/serwisy.gazetaprawna.pl\/samorzad\/artykuly\/983593,czy-jednostki-samorzadu-terytorialnego-maja-prawo-do-skladania-petycji.html\">KONFRONTACJA. Czy jednostki samorz\u0105du terytorialnego maj\u0105 prawo do sk\u0142adania petycji?<\/a><\/em>, Dziennik Gazeta Prawna<\/li><li>[10.10.2016] <em><a href=\"https:\/\/www.wnp.pl\/parlamentarny\/wydarzenia\/watchdog-zakaz-wstepu-do-sejmu-dla-fotoreportera-to-ograniczenie-prawa-do-informacji,15508.html\" data-type=\"URL\" data-id=\"https:\/\/www.wnp.pl\/parlamentarny\/wydarzenia\/watchdog-zakaz-wstepu-do-sejmu-dla-fotoreportera-to-ograniczenie-prawa-do-informacji,15508.html\">Watchdog: Zakaz wst\u0119pu do Sejmu dla fotoreportera to ograniczenie prawa do informacji<\/a>,<\/em> Portal wnp.pl<\/li><li>[27.09.2016] <em><a href=\"https:\/\/www.portalsamorzadowy.pl\/praca\/nagrody-dla-pracownikow-samorzadowych-urzedy-roznie-interpretuja-przepisy,84961.html\" data-type=\"URL\" data-id=\"https:\/\/www.portalsamorzadowy.pl\/praca\/nagrody-dla-pracownikow-samorzadowych-urzedy-roznie-interpretuja-przepisy,84961.html\">Nagrody dla pracownik\u00f3w samorz\u0105dowych: Urz\u0119dy r\u00f3\u017cnie interpretuj\u0105 przepisy<\/a><\/em>, Portal Samorz\u0105dowy<\/li><li>[12.09.2016] <a href=\"https:\/\/www.tygodnikprzeglad.pl\/pytac-i-nie-bladzic\/\" data-type=\"URL\" data-id=\"https:\/\/www.tygodnikprzeglad.pl\/pytac-i-nie-bladzic\/\"><em>Pyta\u0107 i\u00a0nie\u00a0b\u0142\u0105dzi\u0107<\/em><\/a>, Tygodnik Przegl\u0105d<\/li><li>[06.09.2016] <em><a href=\"https:\/\/prawo.gazetaprawna.pl\/artykuly\/973450,dostep-do-informacji-publicznej-zarobki-urzednikow.html\" data-type=\"URL\" data-id=\"https:\/\/prawo.gazetaprawna.pl\/artykuly\/973450,dostep-do-informacji-publicznej-zarobki-urzednikow.html\">Administracja publiczna: Zarobki rzecznika prasowego s\u0105 jawne<\/a><\/em>, Dziennik Gazeta Prawna<\/li><li>[25.08.2016] <em><a href=\"https:\/\/prawo.gazetaprawna.pl\/artykuly\/970160,jawnosc-kontrola-spoleczenstwo.html\" data-type=\"URL\" data-id=\"https:\/\/prawo.gazetaprawna.pl\/artykuly\/970160,jawnosc-kontrola-spoleczenstwo.html\">Spo\u0142ecze\u0144stwo ma prawo do kontrolowania s\u0142u\u017cb<\/a><\/em>, Dziennik Gazeta Prawna<\/li><li>[01.07.2016] <a href=\"https:\/\/naukawpolsce.pap.pl\/aktualnosci\/news%2C410282%2Cpomniki-zaglady-pod-specjalna-ochrona.html\" data-type=\"URL\" data-id=\"https:\/\/naukawpolsce.pap.pl\/aktualnosci\/news%2C410282%2Cpomniki-zaglady-pod-specjalna-ochrona.html\"><em>Pomniki Zag\u0142ady pod specjaln\u0105 ochron\u0105<\/em><\/a>, Nauka w Polsce PAP<\/li><li>[02.02.2016] <a href=\"https:\/\/wiadomosci.onet.pl\/kraj\/watchdog-skarzy-pis-i-ujawnia-faktury-ze-spotkania-kaczynskiego-z-orbanem\/ezcs31\" data-type=\"URL\" data-id=\"https:\/\/wiadomosci.onet.pl\/kraj\/watchdog-skarzy-pis-i-ujawnia-faktury-ze-spotkania-kaczynskiego-z-orbanem\/ezcs31\"><em>Watchdog skar\u017cy PiS i ujawnia faktury ze spotkania Kaczy\u0144skiego z Orbanem<\/em><\/a>, Onet Wiadomo\u015bci<\/li><li>[28.09.2015] <a href=\"https:\/\/www.rdc.pl\/podcast\/popoludnie-rdc-miedzynarodowy-dzien-prawa-do-informacji\/\" data-type=\"URL\" data-id=\"https:\/\/www.rdc.pl\/podcast\/popoludnie-rdc-miedzynarodowy-dzien-prawa-do-informacji\/\"><em>Popo\u0142udnie RDC: Mi\u0119dzynarodowy Dzie\u0144 Prawa do Informacji<\/em><\/a>, Radio RDC<\/li><li>[23.02.2015] <em><a href=\"https:\/\/szczecin.wyborcza.pl\/szczecin\/1,34939,17473340,Z_ktorych_gmin_warto_brac_przyklad__Sprawdzaja_to.html\" data-type=\"URL\" data-id=\"https:\/\/szczecin.wyborcza.pl\/szczecin\/1,34939,17473340,Z_ktorych_gmin_warto_brac_przyklad__Sprawdzaja_to.html\">Z kt\u00f3rych gmin warto bra\u0107 przyk\u0142ad? Sprawdzaj\u0105 to organizacje pozarz\u0105dowe<\/a><\/em>, Gazeta Wyborcza Szczecin<\/li><\/ul>\n\n\n\n<p><\/p>\n","protected":false},"excerpt":{"rendered":"<p>Na tej stronie znajdziesz zestawienie moich wypowiedzi dla medi\u00f3w. [26.01.2022] Korporacje prawnicze coraz bardziej jawne, Dziennik Gazeta Prawna [17.08.2021] Finanse partii politycznej nie zawsze stanowi\u0105 informacj\u0119 publiczn\u0105, Dziennik Gazeta Prawna [27.07.2021] Nepotyzm jak Polska d\u0142uga i szeroka. Tak\u017ce w samorz\u0105dach, Portal Samorz\u0105dowy [14.07.2021] Wysoko\u015b\u0107 diet w Naczelnej Radzie Adwokackiej to informacja publiczna. Znamy stawki, Dziennik [&hellip;]<\/p>\n","protected":false},"author":1,"featured_media":0,"parent":0,"menu_order":0,"comment_status":"closed","ping_status":"open","template":"templates\/template-full-width.php","meta":{"footnotes":""},"class_list":["post-2","page","type-page","status-publish","hentry"],"_links":{"self":[{"href":"http:\/\/bartoszwilk.pl\/index.php\/wp-json\/wp\/v2\/pages\/2","targetHints":{"allow":["GET"]}}],"collection":[{"href":"http:\/\/bartoszwilk.pl\/index.php\/wp-json\/wp\/v2\/pages"}],"about":[{"href":"http:\/\/bartoszwilk.pl\/index.php\/wp-json\/wp\/v2\/types\/page"}],"author":[{"embeddable":true,"href":"http:\/\/bartoszwilk.pl\/index.php\/wp-json\/wp\/v2\/users\/1"}],"replies":[{"embeddable":true,"href":"http:\/\/bartoszwilk.pl\/index.php\/wp-json\/wp\/v2\/comments?post=2"}],"version-history":[{"count":18,"href":"http:\/\/bartoszwilk.pl\/index.php\/wp-json\/wp\/v2\/pages\/2\/revisions"}],"predecessor-version":[{"id":290,"href":"http:\/\/bartoszwilk.pl\/index.php\/wp-json\/wp\/v2\/pages\/2\/revisions\/290"}],"wp:attachment":[{"href":"http:\/\/bartoszwilk.pl\/index.php\/wp-json\/wp\/v2\/media?parent=2"}],"curies":[{"name":"wp","href":"https:\/\/api.w.org\/{rel}","templated":true}]}}